{"id":6138,"date":"2022-05-17T06:22:26","date_gmt":"2022-05-17T04:22:26","guid":{"rendered":"https:\/\/demo10.listivotheme.com\/?page_id=6138"},"modified":"2024-07-02T11:22:50","modified_gmt":"2024-07-02T09:22:50","slug":"daimiel","status":"publish","type":"page","link":"https:\/\/daimielturismo.com\/fr\/daimiel\/","title":{"rendered":"Daimiel"},"content":{"rendered":"<div data-elementor-type=\"wp-page\" data-elementor-id=\"6138\" class=\"elementor elementor-6138\">\n\t\t\t\t\t\t\t\t\t<section class=\"elementor-section elementor-top-section elementor-element elementor-element-6bf92ae2 elementor-section-boxed elementor-section-height-default elementor-section-height-default\" data-id=\"6bf92ae2\" data-element_type=\"section\" data-settings=\"{&quot;background_background&quot;:&quot;classic&quot;}\">\n\t\t\t\t\t\t<div class=\"elementor-container elementor-column-gap-default\">\n\t\t\t\t\t<div class=\"elementor-column elementor-col-100 elementor-top-column elementor-element elementor-element-2aa22530\" data-id=\"2aa22530\" data-element_type=\"column\">\n\t\t\t<div class=\"elementor-widget-wrap elementor-element-populated\">\n\t\t\t\t\t\t\t\t<div class=\"elementor-element elementor-element-102efc2d elementor-widget elementor-widget-spacer\" data-id=\"102efc2d\" data-element_type=\"widget\" data-widget_type=\"spacer.default\">\n\t\t\t\t<div class=\"elementor-widget-container\">\n\t\t\t\t\t<div class=\"elementor-spacer\">\n\t\t\t<div class=\"elementor-spacer-inner\"><\/div>\n\t\t<\/div>\n\t\t\t\t<\/div>\n\t\t\t\t<\/div>\n\t\t\t\t<div class=\"elementor-element elementor-element-88b3827 elementor-widget elementor-widget-heading\" data-id=\"88b3827\" data-element_type=\"widget\" data-widget_type=\"heading.default\">\n\t\t\t\t<div class=\"elementor-widget-container\">\n\t\t\t<h2 class=\"elementor-heading-title elementor-size-default\">D\u00e9couvrir Daimiel<\/h2>\t\t<\/div>\n\t\t\t\t<\/div>\n\t\t\t\t<div class=\"elementor-element elementor-element-d12913a elementor-widget elementor-widget-spacer\" data-id=\"d12913a\" data-element_type=\"widget\" data-widget_type=\"spacer.default\">\n\t\t\t\t<div class=\"elementor-widget-container\">\n\t\t\t\t\t<div class=\"elementor-spacer\">\n\t\t\t<div class=\"elementor-spacer-inner\"><\/div>\n\t\t<\/div>\n\t\t\t\t<\/div>\n\t\t\t\t<\/div>\n\t\t\t\t\t<\/div>\n\t\t<\/div>\n\t\t\t\t\t\t\t<\/div>\n\t\t<\/section>\n\t\t\t\t<section class=\"elementor-section elementor-top-section elementor-element elementor-element-3784344 elementor-section-boxed elementor-section-height-default elementor-section-height-default\" data-id=\"3784344\" data-element_type=\"section\" data-settings=\"{&quot;background_background&quot;:&quot;classic&quot;}\">\n\t\t\t\t\t\t<div class=\"elementor-container elementor-column-gap-default\">\n\t\t\t\t\t<div class=\"elementor-column elementor-col-50 elementor-top-column elementor-element elementor-element-5129d10\" data-id=\"5129d10\" data-element_type=\"column\">\n\t\t\t<div class=\"elementor-widget-wrap elementor-element-populated\">\n\t\t\t\t\t\t\t\t<div class=\"elementor-element elementor-element-3c631cb elementor-widget elementor-widget-spacer\" data-id=\"3c631cb\" data-element_type=\"widget\" data-widget_type=\"spacer.default\">\n\t\t\t\t<div class=\"elementor-widget-container\">\n\t\t\t\t\t<div class=\"elementor-spacer\">\n\t\t\t<div class=\"elementor-spacer-inner\"><\/div>\n\t\t<\/div>\n\t\t\t\t<\/div>\n\t\t\t\t<\/div>\n\t\t\t\t<div class=\"elementor-element elementor-element-d6223a5 elementor-arrows-position-inside elementor-pagination-position-outside elementor-widget elementor-widget-image-carousel\" data-id=\"d6223a5\" data-element_type=\"widget\" data-settings=\"{&quot;slides_to_show&quot;:&quot;1&quot;,&quot;navigation&quot;:&quot;both&quot;,&quot;autoplay&quot;:&quot;yes&quot;,&quot;pause_on_hover&quot;:&quot;yes&quot;,&quot;pause_on_interaction&quot;:&quot;yes&quot;,&quot;autoplay_speed&quot;:5000,&quot;infinite&quot;:&quot;yes&quot;,&quot;effect&quot;:&quot;slide&quot;,&quot;speed&quot;:500}\" data-widget_type=\"image-carousel.default\">\n\t\t\t\t<div class=\"elementor-widget-container\">\n\t\t\t\t\t<div class=\"elementor-image-carousel-wrapper swiper-container\" dir=\"ltr\">\n\t\t\t<div class=\"elementor-image-carousel swiper-wrapper\">\n\t\t\t\t\t\t\t\t<div class=\"swiper-slide\"><a data-elementor-open-lightbox=\"yes\" data-elementor-lightbox-slideshow=\"d6223a5\" data-elementor-lightbox-title=\"daimiel1\" e-action-hash=\"#elementor-action%3Aaction%3Dlightbox%26settings%3DeyJpZCI6MTI3MDUsInVybCI6Imh0dHBzOlwvXC9kYWltaWVsdHVyaXNtby5jb21cL3dwLWNvbnRlbnRcL3VwbG9hZHNcLzIwMjNcLzAyXC9kYWltaWVsMS5qcGciLCJzbGlkZXNob3ciOiJkNjIyM2E1In0%3D\" href=\"https:\/\/daimielturismo.com\/wp-content\/uploads\/2023\/02\/daimiel1.jpg\"><figure class=\"swiper-slide-inner\"><img class=\"swiper-slide-image\" src=\"https:\/\/daimielturismo.com\/wp-content\/uploads\/2023\/02\/daimiel1-600x590.jpg\" alt=\"Historia de Daimiel\" \/><\/figure><\/a><\/div><div class=\"swiper-slide\"><a data-elementor-open-lightbox=\"yes\" data-elementor-lightbox-slideshow=\"d6223a5\" data-elementor-lightbox-title=\"Daimiel2\" e-action-hash=\"#elementor-action%3Aaction%3Dlightbox%26settings%3DeyJpZCI6MTI3MDYsInVybCI6Imh0dHBzOlwvXC9kYWltaWVsdHVyaXNtby5jb21cL3dwLWNvbnRlbnRcL3VwbG9hZHNcLzIwMjNcLzAyXC9EYWltaWVsMi5qcGciLCJzbGlkZXNob3ciOiJkNjIyM2E1In0%3D\" href=\"https:\/\/daimielturismo.com\/wp-content\/uploads\/2023\/02\/Daimiel2.jpg\"><figure class=\"swiper-slide-inner\"><img class=\"swiper-slide-image\" src=\"https:\/\/daimielturismo.com\/wp-content\/uploads\/2023\/02\/Daimiel2-600x590.jpg\" alt=\"Historia de Daimiel\" \/><\/figure><\/a><\/div><div class=\"swiper-slide\"><a data-elementor-open-lightbox=\"yes\" data-elementor-lightbox-slideshow=\"d6223a5\" data-elementor-lightbox-title=\"Daimiel3\" e-action-hash=\"#elementor-action%3Aaction%3Dlightbox%26settings%3DeyJpZCI6MTI3MDcsInVybCI6Imh0dHBzOlwvXC9kYWltaWVsdHVyaXNtby5jb21cL3dwLWNvbnRlbnRcL3VwbG9hZHNcLzIwMjNcLzAyXC9EYWltaWVsMy5qcGciLCJzbGlkZXNob3ciOiJkNjIyM2E1In0%3D\" href=\"https:\/\/daimielturismo.com\/wp-content\/uploads\/2023\/02\/Daimiel3.jpg\"><figure class=\"swiper-slide-inner\"><img class=\"swiper-slide-image\" src=\"https:\/\/daimielturismo.com\/wp-content\/uploads\/2023\/02\/Daimiel3.jpg\" alt=\"Historia de Daimiel\" \/><\/figure><\/a><\/div>\t\t\t<\/div>\n\t\t\t\t\t\t\t\t\t\t\t\t<div class=\"swiper-pagination\"><\/div>\n\t\t\t\t\t\t\t\t\t\t\t\t\t<div class=\"elementor-swiper-button elementor-swiper-button-prev\">\n\t\t\t\t\t\t<i aria-hidden=\"true\" class=\"eicon-chevron-left\"><\/i>\t\t\t\t\t\t<span class=\"elementor-screen-only\">Pr\u00e9c\u00e9dent<\/span>\n\t\t\t\t\t<\/div>\n\t\t\t\t\t<div class=\"elementor-swiper-button elementor-swiper-button-next\">\n\t\t\t\t\t\t<i aria-hidden=\"true\" class=\"eicon-chevron-right\"><\/i>\t\t\t\t\t\t<span class=\"elementor-screen-only\">Suivant<\/span>\n\t\t\t\t\t<\/div>\n\t\t\t\t\t\t\t\t\t<\/div>\n\t\t\t\t<\/div>\n\t\t\t\t<\/div>\n\t\t\t\t\t<\/div>\n\t\t<\/div>\n\t\t\t\t<div class=\"elementor-column elementor-col-50 elementor-top-column elementor-element elementor-element-a7e86c4\" data-id=\"a7e86c4\" data-element_type=\"column\">\n\t\t\t<div class=\"elementor-widget-wrap elementor-element-populated\">\n\t\t\t\t\t\t\t\t<div class=\"elementor-element elementor-element-931bf52 elementor-widget elementor-widget-spacer\" data-id=\"931bf52\" data-element_type=\"widget\" data-widget_type=\"spacer.default\">\n\t\t\t\t<div class=\"elementor-widget-container\">\n\t\t\t\t\t<div class=\"elementor-spacer\">\n\t\t\t<div class=\"elementor-spacer-inner\"><\/div>\n\t\t<\/div>\n\t\t\t\t<\/div>\n\t\t\t\t<\/div>\n\t\t\t\t<div class=\"elementor-element elementor-element-4fce1fd elementor-widget elementor-widget-text-editor\" data-id=\"4fce1fd\" data-element_type=\"widget\" data-widget_type=\"text-editor.default\">\n\t\t\t\t<div class=\"elementor-widget-container\">\n\t\t\t\t\t\t\t<div style=\"text-align: justify;\"><p>Daimiel est une ville dont les origines remontent \u00e0 l'\u00e9poque du <strong>\u00c2ge du bronze,<\/strong>comme en t\u00e9moigne le site arch\u00e9ologique de la <a href=\"https:\/\/daimielturismo.com\/fr\/establecimiento\/motilla-del-azuer\/\"><strong>Motilla del Azuer<\/strong><\/a>.<\/p><p>\u00a0<\/p><p>Le v\u00e9ritable d\u00e9veloppement socio-\u00e9conomique a commenc\u00e9 au XVe si\u00e8cle, avec pour r\u00e9sultat la construction de l'\u00e9glise du <strong>Santa Mar\u00eda la Mayor,<\/strong> de Style gothique.<\/p><p>\u00a0<\/p><p>Aujourd'hui, en se promenant dans les rues de Daimiel, on peut admirer diff\u00e9rents exemples d'architecture datant de plusieurs si\u00e8cles et refl\u00e9tant diff\u00e9rents styles architecturaux.\u00a0<\/p><p>\u00a0<\/p><p>Un autre lieu \u00e0 d\u00e9couvrir est le <a href=\"https:\/\/daimielturismo.com\/fr\/sobre-daimiel\/#lugares-interes\"><strong>Lagune de Navaseca<\/strong><\/a>, situ\u00e9 \u00e0 quelques kilom\u00e8tres du centre ville, il est devenu un refuge pour la faune dans les moments les plus difficiles pour le parc national.<\/p><p>\u00a0<\/p><p>Mais Daimiel est incontestablement connu pour la <a href=\"https:\/\/daimielturismo.com\/fr\/parque-nacional-las-tablas-de-daimiel\/\"><strong>Parc national de Las Tablas de Daimiel<\/strong><\/a>, l'un des seize parcs nationaux d\u00e9clar\u00e9s en Espagne car il s'agit d'un \u00e9cosyst\u00e8me caract\u00e9ristique de La Mancha, connu sous le nom de \"tablas fluviales\". Sa formation est due au d\u00e9bordement des rivi\u00e8res Guadiana et Gig\u00fcela dans leur cours moyen, favoris\u00e9 par l'absence de pente du terrain.\u00a0<\/p><\/div>\t\t\t\t\t\t<\/div>\n\t\t\t\t<\/div>\n\t\t\t\t<div class=\"elementor-element elementor-element-8e050c8 elementor-widget elementor-widget-spacer\" data-id=\"8e050c8\" data-element_type=\"widget\" data-widget_type=\"spacer.default\">\n\t\t\t\t<div class=\"elementor-widget-container\">\n\t\t\t\t\t<div class=\"elementor-spacer\">\n\t\t\t<div class=\"elementor-spacer-inner\"><\/div>\n\t\t<\/div>\n\t\t\t\t<\/div>\n\t\t\t\t<\/div>\n\t\t\t\t\t<\/div>\n\t\t<\/div>\n\t\t\t\t\t\t\t<\/div>\n\t\t<\/section>\n\t\t\t\t<section class=\"elementor-section elementor-top-section elementor-element elementor-element-c5402f5 elementor-section-boxed elementor-section-height-default elementor-section-height-default\" data-id=\"c5402f5\" data-element_type=\"section\">\n\t\t\t\t\t\t<div class=\"elementor-container elementor-column-gap-default\">\n\t\t\t\t\t<div class=\"elementor-column elementor-col-100 elementor-top-column elementor-element elementor-element-d3d6e69\" data-id=\"d3d6e69\" data-element_type=\"column\">\n\t\t\t<div class=\"elementor-widget-wrap elementor-element-populated\">\n\t\t\t\t\t\t\t\t<div class=\"elementor-element elementor-element-58c0723 elementor-widget elementor-widget-spacer\" data-id=\"58c0723\" data-element_type=\"widget\" data-widget_type=\"spacer.default\">\n\t\t\t\t<div class=\"elementor-widget-container\">\n\t\t\t\t\t<div class=\"elementor-spacer\">\n\t\t\t<div class=\"elementor-spacer-inner\"><\/div>\n\t\t<\/div>\n\t\t\t\t<\/div>\n\t\t\t\t<\/div>\n\t\t\t\t<div class=\"elementor-element elementor-element-b4bce5a elementor-widget elementor-widget-spacer\" data-id=\"b4bce5a\" data-element_type=\"widget\" data-widget_type=\"spacer.default\">\n\t\t\t\t<div class=\"elementor-widget-container\">\n\t\t\t\t\t<div class=\"elementor-spacer\">\n\t\t\t<div class=\"elementor-spacer-inner\"><\/div>\n\t\t<\/div>\n\t\t\t\t<\/div>\n\t\t\t\t<\/div>\n\t\t\t\t\t<\/div>\n\t\t<\/div>\n\t\t\t\t\t\t\t<\/div>\n\t\t<\/section>\n\t\t\t\t<section class=\"elementor-section elementor-top-section elementor-element elementor-element-9039f32 elementor-reverse-tablet elementor-reverse-mobile elementor-section-boxed elementor-section-height-default elementor-section-height-default\" data-id=\"9039f32\" data-element_type=\"section\">\n\t\t\t\t\t\t<div class=\"elementor-container elementor-column-gap-default\">\n\t\t\t\t\t<div class=\"elementor-column elementor-col-50 elementor-top-column elementor-element elementor-element-b4d6b35\" data-id=\"b4d6b35\" data-element_type=\"column\">\n\t\t\t<div class=\"elementor-widget-wrap elementor-element-populated\">\n\t\t\t\t\t\t\t\t<div class=\"elementor-element elementor-element-e34d763 elementor-widget elementor-widget-heading\" data-id=\"e34d763\" data-element_type=\"widget\" data-widget_type=\"heading.default\">\n\t\t\t\t<div class=\"elementor-widget-container\">\n\t\t\t<h2 class=\"elementor-heading-title elementor-size-default\">Son histoire<\/h2>\t\t<\/div>\n\t\t\t\t<\/div>\n\t\t\t\t<div class=\"elementor-element elementor-element-58776a0 elementor-widget elementor-widget-text-editor\" data-id=\"58776a0\" data-element_type=\"widget\" data-widget_type=\"text-editor.default\">\n\t\t\t\t<div class=\"elementor-widget-container\">\n\t\t\t\t\t\t\t<p>Les vestiges trouv\u00e9s dans les colonies ib\u00e9riques et romaines nous permettent d'affirmer que cette terre a \u00e9t\u00e9 peupl\u00e9e tout au long de l'Antiquit\u00e9.\u00a0<\/p>\t\t\t\t\t\t<\/div>\n\t\t\t\t<\/div>\n\t\t\t\t<div class=\"elementor-element elementor-element-5117a14 elementor-widget elementor-widget-spacer\" data-id=\"5117a14\" data-element_type=\"widget\" data-widget_type=\"spacer.default\">\n\t\t\t\t<div class=\"elementor-widget-container\">\n\t\t\t\t\t<div class=\"elementor-spacer\">\n\t\t\t<div class=\"elementor-spacer-inner\"><\/div>\n\t\t<\/div>\n\t\t\t\t<\/div>\n\t\t\t\t<\/div>\n\t\t\t\t<div class=\"elementor-element elementor-element-543e5ee3 elementor-widget elementor-widget-lst_accordion\" data-id=\"543e5ee3\" data-element_type=\"widget\" data-widget_type=\"lst_accordion.default\">\n\t\t\t\t<div class=\"elementor-widget-container\">\n\t\t\t<div class=\"listivo-app\">\n    <lst-accordion\n            class=\"listivo-accordions\"\n            item-selector=\".listivo-accordion__text--\"\n            >\n        <div class=\"listivo-accordions\" slot-scope=\"props\">\n                            <div\n                        class=\"listivo-accordions__item listivo-accordion\"\n                        :class=\"{'listivo-accordion--open': props.open === '0'}\"\n                >\n                    <div\n                            class=\"listivo-accordion__head\"\n                            @click.prevent=\"props.onOpen('0')\"\n                    >\n                        <h3 class=\"listivo-accordion__label\">\n                            L'origine                        <\/h3>\n\n                        <div class=\"listivo-accordion__arrow\">\n                            <svg xmlns=\"http:\/\/www.w3.org\/2000\/svg\" width=\"16\" height=\"14\" viewbox=\"0 0 16 14\"\n                                 fill=\"none\">\n                                <path d=\"M6.0872 0.243855C6.25012 0.0809372 6.46304 -0.000312964 6.67637 -0.000312964C6.88971 -0.000312964 7.10263 0.0809372 7.26554 0.243855C7.59096 0.569274 7.59096 1.09678 7.26554 1.4222L2.85468 5.83306L14.1764 5.83306C14.6364 5.83306 15.0098 6.2064 15.0098 6.6664C15.0098 7.1264 14.6364 7.49974 14.1764 7.49974L2.85468 7.49974L7.26554 11.9106C7.59096 12.236 7.59096 12.7635 7.26554 13.0889C6.94013 13.4144 6.41262 13.4144 6.0872 13.0889L0.25383 7.25557C-0.0715891 6.93015 -0.0715891 6.40265 0.25383 6.07723L6.0872 0.243855Z\"\n                                      fill=\"#2A3946\"\/>\n                            <\/svg>\n                        <\/div>\n                    <\/div>\n\n                                            <template>\n                            <div\n                                    class=\"listivo-accordion__text listivo-accordion__text--0\"\n                                    style=\"display: none;\"\n                            >\n                                Gr\u00e2ce aux vestiges trouv\u00e9s dans les colonies ib\u00e9riques et romaines, nous pouvons affirmer que cette terre a \u00e9t\u00e9 peupl\u00e9e tout au long de l'Antiquit\u00e9. Plus tard, la situation de Daimiel dans la r\u00e9gion du Guadiana lui a valu d'\u00eatre affect\u00e9e par les guerres qui se sont d\u00e9roul\u00e9es pour le contr\u00f4le de cet important cours d'eau au cours du haut Moyen-\u00c2ge. La construction d'un ch\u00e2teau \u00e0 Daimiel, aujourd'hui disparu, r\u00e9pond \u00e0 l'int\u00e9r\u00eat des chr\u00e9tiens et des musulmans pour la protection de cette enclave strat\u00e9gique. Avec la victoire des rois chr\u00e9tiens, le repeuplement de ces terres a commenc\u00e9, une mission re\u00e7ue par l'ordre militaire de Calatrava, qui allait avoir l'une de ses principales possessions \u00e0 Daimiel gr\u00e2ce \u00e0 la richesse de ses champs fertiles. D\u00e8s 1245, le nom \"Daymiel\" appara\u00eet pour la premi\u00e8re fois dans un document \u00e9crit.                            <\/div>\n                        <\/template>\n                                    <\/div>\n                            <div\n                        class=\"listivo-accordions__item listivo-accordion\"\n                        :class=\"{'listivo-accordion--open': props.open === '1'}\"\n                >\n                    <div\n                            class=\"listivo-accordion__head\"\n                            @click.prevent=\"props.onOpen('1')\"\n                    >\n                        <h3 class=\"listivo-accordion__label\">\n                            La fin du Moyen \u00c2ge et l'\u00e8re moderne                        <\/h3>\n\n                        <div class=\"listivo-accordion__arrow\">\n                            <svg xmlns=\"http:\/\/www.w3.org\/2000\/svg\" width=\"16\" height=\"14\" viewbox=\"0 0 16 14\"\n                                 fill=\"none\">\n                                <path d=\"M6.0872 0.243855C6.25012 0.0809372 6.46304 -0.000312964 6.67637 -0.000312964C6.88971 -0.000312964 7.10263 0.0809372 7.26554 0.243855C7.59096 0.569274 7.59096 1.09678 7.26554 1.4222L2.85468 5.83306L14.1764 5.83306C14.6364 5.83306 15.0098 6.2064 15.0098 6.6664C15.0098 7.1264 14.6364 7.49974 14.1764 7.49974L2.85468 7.49974L7.26554 11.9106C7.59096 12.236 7.59096 12.7635 7.26554 13.0889C6.94013 13.4144 6.41262 13.4144 6.0872 13.0889L0.25383 7.25557C-0.0715891 6.93015 -0.0715891 6.40265 0.25383 6.07723L6.0872 0.243855Z\"\n                                      fill=\"#2A3946\"\/>\n                            <\/svg>\n                        <\/div>\n                    <\/div>\n\n                                            <template>\n                            <div\n                                    class=\"listivo-accordion__text listivo-accordion__text--1\"\n                                    style=\"display: none;\"\n                            >\n                                Avec la paix vint le moment de la croissance \u00e9conomique et sociale qui se poursuivit tout au long de la fin du Moyen \u00c2ge. La construction de l'\u00e9glise gothique de Santa Mar\u00eda La Mayor est le r\u00e9sultat de cette impulsion. Cette croissance s'est consolid\u00e9e au XVIe si\u00e8cle, Daimiel \u00e9tant l'une des villes les plus peupl\u00e9es.\nCette croissance s'est consolid\u00e9e au XVIe si\u00e8cle, Daimiel \u00e9tant l'une des villes les plus peupl\u00e9es de toute la r\u00e9gion de La Mancha, ce qui a entra\u00een\u00e9 la cr\u00e9ation d'une autre \u00e9glise paroissiale : San Pedro Ap\u00f3stol. \u00c0 l'\u00e9poque moderne, de nombreux proc\u00e8s inquisitoriaux ont commenc\u00e9 \u00e0 juger les pratiques de sorcellerie des sorci\u00e8res de Daimiel, qui \u00e9taient d\u00e9sapprouv\u00e9es par les vieux chr\u00e9tiens, ce qui a valu \u00e0 Daimiel le surnom de \"village des sorci\u00e8res\".                            <\/div>\n                        <\/template>\n                                    <\/div>\n                            <div\n                        class=\"listivo-accordions__item listivo-accordion\"\n                        :class=\"{'listivo-accordion--open': props.open === '2'}\"\n                >\n                    <div\n                            class=\"listivo-accordion__head\"\n                            @click.prevent=\"props.onOpen('2')\"\n                    >\n                        <h3 class=\"listivo-accordion__label\">\n                            L'\u00e8re contemporaine                        <\/h3>\n\n                        <div class=\"listivo-accordion__arrow\">\n                            <svg xmlns=\"http:\/\/www.w3.org\/2000\/svg\" width=\"16\" height=\"14\" viewbox=\"0 0 16 14\"\n                                 fill=\"none\">\n                                <path d=\"M6.0872 0.243855C6.25012 0.0809372 6.46304 -0.000312964 6.67637 -0.000312964C6.88971 -0.000312964 7.10263 0.0809372 7.26554 0.243855C7.59096 0.569274 7.59096 1.09678 7.26554 1.4222L2.85468 5.83306L14.1764 5.83306C14.6364 5.83306 15.0098 6.2064 15.0098 6.6664C15.0098 7.1264 14.6364 7.49974 14.1764 7.49974L2.85468 7.49974L7.26554 11.9106C7.59096 12.236 7.59096 12.7635 7.26554 13.0889C6.94013 13.4144 6.41262 13.4144 6.0872 13.0889L0.25383 7.25557C-0.0715891 6.93015 -0.0715891 6.40265 0.25383 6.07723L6.0872 0.243855Z\"\n                                      fill=\"#2A3946\"\/>\n                            <\/svg>\n                        <\/div>\n                    <\/div>\n\n                                            <template>\n                            <div\n                                    class=\"listivo-accordion__text listivo-accordion__text--2\"\n                                    style=\"display: none;\"\n                            >\n                                \u00c0 l'\u00e9poque contemporaine, la premi\u00e8re moiti\u00e9 du XIXe si\u00e8cle a \u00e9t\u00e9 une p\u00e9riode de revers \u00e9conomiques, sociaux et culturels, dus en grande partie \u00e0 la guerre d'ind\u00e9pendance. Au milieu de ce si\u00e8cle, avec les r\u00e9formes agraires et l'arriv\u00e9e du chemin de fer en 1860, Daimiel a commenc\u00e9 \u00e0 conna\u00eetre un nouveau d\u00e9veloppement. En 1887, la reine r\u00e9gente Mar\u00eda Cristina a accord\u00e9 le titre de ville \u00e0 Daimiel.                            <\/div>\n                        <\/template>\n                                    <\/div>\n                            <div\n                        class=\"listivo-accordions__item listivo-accordion\"\n                        :class=\"{'listivo-accordion--open': props.open === '3'}\"\n                >\n                    <div\n                            class=\"listivo-accordion__head\"\n                            @click.prevent=\"props.onOpen('3')\"\n                    >\n                        <h3 class=\"listivo-accordion__label\">\n                            \u00c0 l'heure actuelle                        <\/h3>\n\n                        <div class=\"listivo-accordion__arrow\">\n                            <svg xmlns=\"http:\/\/www.w3.org\/2000\/svg\" width=\"16\" height=\"14\" viewbox=\"0 0 16 14\"\n                                 fill=\"none\">\n                                <path d=\"M6.0872 0.243855C6.25012 0.0809372 6.46304 -0.000312964 6.67637 -0.000312964C6.88971 -0.000312964 7.10263 0.0809372 7.26554 0.243855C7.59096 0.569274 7.59096 1.09678 7.26554 1.4222L2.85468 5.83306L14.1764 5.83306C14.6364 5.83306 15.0098 6.2064 15.0098 6.6664C15.0098 7.1264 14.6364 7.49974 14.1764 7.49974L2.85468 7.49974L7.26554 11.9106C7.59096 12.236 7.59096 12.7635 7.26554 13.0889C6.94013 13.4144 6.41262 13.4144 6.0872 13.0889L0.25383 7.25557C-0.0715891 6.93015 -0.0715891 6.40265 0.25383 6.07723L6.0872 0.243855Z\"\n                                      fill=\"#2A3946\"\/>\n                            <\/svg>\n                        <\/div>\n                    <\/div>\n\n                                            <template>\n                            <div\n                                    class=\"listivo-accordion__text listivo-accordion__text--3\"\n                                    style=\"display: none;\"\n                            >\n                                Ce d\u00e9veloppement \u00e9conomique, social et culturel est aujourd'hui une r\u00e9alit\u00e9 qui fait de Daimiel l'une des villes les plus importantes de La Mancha.                            <\/div>\n                        <\/template>\n                                    <\/div>\n                    <\/div>\n    <\/lst-accordion>\n<\/div>\n\t\t<\/div>\n\t\t\t\t<\/div>\n\t\t\t\t<div class=\"elementor-element elementor-element-38db512 elementor-widget elementor-widget-text-editor\" data-id=\"38db512\" data-element_type=\"widget\" data-widget_type=\"text-editor.default\">\n\t\t\t\t<div class=\"elementor-widget-container\">\n\t\t\t\t\t\t\t\t\t\t\t\t\t<\/div>\n\t\t\t\t<\/div>\n\t\t\t\t\t<\/div>\n\t\t<\/div>\n\t\t\t\t<div class=\"elementor-column elementor-col-50 elementor-top-column elementor-element elementor-element-ca853af\" data-id=\"ca853af\" data-element_type=\"column\">\n\t\t\t<div class=\"elementor-widget-wrap elementor-element-populated\">\n\t\t\t\t\t\t\t\t<div class=\"elementor-element elementor-element-bad35a1 elementor-widget elementor-widget-text-editor\" data-id=\"bad35a1\" data-element_type=\"widget\" data-widget_type=\"text-editor.default\">\n\t\t\t\t<div class=\"elementor-widget-container\">\n\t\t\t\t\t\t\t\t\t\t\t\t\t<\/div>\n\t\t\t\t<\/div>\n\t\t\t\t<div class=\"elementor-element elementor-element-d6e475e elementor-arrows-position-inside elementor-pagination-position-outside elementor-widget elementor-widget-image-carousel\" data-id=\"d6e475e\" data-element_type=\"widget\" data-settings=\"{&quot;slides_to_show&quot;:&quot;1&quot;,&quot;navigation&quot;:&quot;both&quot;,&quot;autoplay&quot;:&quot;yes&quot;,&quot;pause_on_hover&quot;:&quot;yes&quot;,&quot;pause_on_interaction&quot;:&quot;yes&quot;,&quot;autoplay_speed&quot;:5000,&quot;infinite&quot;:&quot;yes&quot;,&quot;effect&quot;:&quot;slide&quot;,&quot;speed&quot;:500}\" data-widget_type=\"image-carousel.default\">\n\t\t\t\t<div class=\"elementor-widget-container\">\n\t\t\t\t\t<div class=\"elementor-image-carousel-wrapper swiper-container\" dir=\"ltr\">\n\t\t\t<div class=\"elementor-image-carousel swiper-wrapper\">\n\t\t\t\t\t\t\t\t<div class=\"swiper-slide\"><a data-elementor-open-lightbox=\"yes\" data-elementor-lightbox-slideshow=\"d6e475e\" data-elementor-lightbox-title=\"daimiel1\" e-action-hash=\"#elementor-action%3Aaction%3Dlightbox%26settings%3DeyJpZCI6MTI3MDgsInVybCI6Imh0dHBzOlwvXC9kYWltaWVsdHVyaXNtby5jb21cL3dwLWNvbnRlbnRcL3VwbG9hZHNcLzIwMjNcLzAyXC9kYWltaWVsMS0xLmpwZyIsInNsaWRlc2hvdyI6ImQ2ZTQ3NWUifQ%3D%3D\" href=\"https:\/\/daimielturismo.com\/wp-content\/uploads\/2023\/02\/daimiel1-1.jpg\"><figure class=\"swiper-slide-inner\"><img class=\"swiper-slide-image\" src=\"https:\/\/daimielturismo.com\/wp-content\/uploads\/2023\/02\/daimiel1-1-600x590.jpg\" alt=\"Historia de Daimiel\" \/><\/figure><\/a><\/div><div class=\"swiper-slide\"><a data-elementor-open-lightbox=\"yes\" data-elementor-lightbox-slideshow=\"d6e475e\" data-elementor-lightbox-title=\"Daimiel2\" e-action-hash=\"#elementor-action%3Aaction%3Dlightbox%26settings%3DeyJpZCI6MTI3MDksInVybCI6Imh0dHBzOlwvXC9kYWltaWVsdHVyaXNtby5jb21cL3dwLWNvbnRlbnRcL3VwbG9hZHNcLzIwMjNcLzAyXC9EYWltaWVsMi0xLmpwZyIsInNsaWRlc2hvdyI6ImQ2ZTQ3NWUifQ%3D%3D\" href=\"https:\/\/daimielturismo.com\/wp-content\/uploads\/2023\/02\/Daimiel2-1.jpg\"><figure class=\"swiper-slide-inner\"><img class=\"swiper-slide-image\" src=\"https:\/\/daimielturismo.com\/wp-content\/uploads\/2023\/02\/Daimiel2-1-600x590.jpg\" alt=\"Historia de Daimiel\" \/><\/figure><\/a><\/div><div class=\"swiper-slide\"><a data-elementor-open-lightbox=\"yes\" data-elementor-lightbox-slideshow=\"d6e475e\" data-elementor-lightbox-title=\"Daimiel3\" e-action-hash=\"#elementor-action%3Aaction%3Dlightbox%26settings%3DeyJpZCI6MTI3MTAsInVybCI6Imh0dHBzOlwvXC9kYWltaWVsdHVyaXNtby5jb21cL3dwLWNvbnRlbnRcL3VwbG9hZHNcLzIwMjNcLzAyXC9EYWltaWVsMy0xLmpwZyIsInNsaWRlc2hvdyI6ImQ2ZTQ3NWUifQ%3D%3D\" href=\"https:\/\/daimielturismo.com\/wp-content\/uploads\/2023\/02\/Daimiel3-1.jpg\"><figure class=\"swiper-slide-inner\"><img class=\"swiper-slide-image\" src=\"https:\/\/daimielturismo.com\/wp-content\/uploads\/2023\/02\/Daimiel3-1.jpg\" alt=\"Historia de Daimiel\" \/><\/figure><\/a><\/div>\t\t\t<\/div>\n\t\t\t\t\t\t\t\t\t\t\t\t<div class=\"swiper-pagination\"><\/div>\n\t\t\t\t\t\t\t\t\t\t\t\t\t<div class=\"elementor-swiper-button elementor-swiper-button-prev\">\n\t\t\t\t\t\t<i aria-hidden=\"true\" class=\"eicon-chevron-left\"><\/i>\t\t\t\t\t\t<span class=\"elementor-screen-only\">Pr\u00e9c\u00e9dent<\/span>\n\t\t\t\t\t<\/div>\n\t\t\t\t\t<div class=\"elementor-swiper-button elementor-swiper-button-next\">\n\t\t\t\t\t\t<i aria-hidden=\"true\" class=\"eicon-chevron-right\"><\/i>\t\t\t\t\t\t<span class=\"elementor-screen-only\">Suivant<\/span>\n\t\t\t\t\t<\/div>\n\t\t\t\t\t\t\t\t\t<\/div>\n\t\t\t\t<\/div>\n\t\t\t\t<\/div>\n\t\t\t\t\t<\/div>\n\t\t<\/div>\n\t\t\t\t\t\t\t<\/div>\n\t\t<\/section>\n\t\t\t\t<section class=\"elementor-section elementor-top-section elementor-element elementor-element-3936a01 elementor-section-boxed elementor-section-height-default elementor-section-height-default\" data-id=\"3936a01\" data-element_type=\"section\" id=\"lugares-interes\">\n\t\t\t\t\t\t<div class=\"elementor-container elementor-column-gap-default\">\n\t\t\t\t\t<div class=\"elementor-column elementor-col-50 elementor-top-column elementor-element elementor-element-3f4eab2\" data-id=\"3f4eab2\" data-element_type=\"column\">\n\t\t\t<div class=\"elementor-widget-wrap elementor-element-populated\">\n\t\t\t\t\t\t\t\t<div class=\"elementor-element elementor-element-24bb8b7 elementor-widget elementor-widget-text-editor\" data-id=\"24bb8b7\" data-element_type=\"widget\" data-widget_type=\"text-editor.default\">\n\t\t\t\t<div class=\"elementor-widget-container\">\n\t\t\t\t\t\t\t\t\t\t\t\t\t<\/div>\n\t\t\t\t<\/div>\n\t\t\t\t<div class=\"elementor-element elementor-element-2eb2511 elementor-arrows-position-inside elementor-pagination-position-outside elementor-widget elementor-widget-image-carousel\" data-id=\"2eb2511\" data-element_type=\"widget\" data-settings=\"{&quot;slides_to_show&quot;:&quot;1&quot;,&quot;navigation&quot;:&quot;both&quot;,&quot;autoplay&quot;:&quot;yes&quot;,&quot;pause_on_hover&quot;:&quot;yes&quot;,&quot;pause_on_interaction&quot;:&quot;yes&quot;,&quot;autoplay_speed&quot;:5000,&quot;infinite&quot;:&quot;yes&quot;,&quot;effect&quot;:&quot;slide&quot;,&quot;speed&quot;:500}\" data-widget_type=\"image-carousel.default\">\n\t\t\t\t<div class=\"elementor-widget-container\">\n\t\t\t\t\t<div class=\"elementor-image-carousel-wrapper swiper-container\" dir=\"ltr\">\n\t\t\t<div class=\"elementor-image-carousel swiper-wrapper\">\n\t\t\t\t\t\t\t\t<div class=\"swiper-slide\"><a data-elementor-open-lightbox=\"yes\" data-elementor-lightbox-slideshow=\"2eb2511\" data-elementor-lightbox-title=\"centro-del-agua-daimiel\" e-action-hash=\"#elementor-action%3Aaction%3Dlightbox%26settings%3DeyJpZCI6MTI3MTIsInVybCI6Imh0dHBzOlwvXC9kYWltaWVsdHVyaXNtby5jb21cL3dwLWNvbnRlbnRcL3VwbG9hZHNcLzIwMjNcLzAyXC9jZW50cm8tZGVsLWFndWEtZGFpbWllbC5qcGVnIiwic2xpZGVzaG93IjoiMmViMjUxMSJ9\" href=\"https:\/\/daimielturismo.com\/wp-content\/uploads\/2023\/02\/centro-del-agua-daimiel.jpeg\"><figure class=\"swiper-slide-inner\"><img class=\"swiper-slide-image\" src=\"https:\/\/daimielturismo.com\/wp-content\/uploads\/2023\/02\/centro-del-agua-daimiel-600x590.jpeg\" alt=\"Centro del Agua\" \/><\/figure><\/a><\/div><div class=\"swiper-slide\"><a data-elementor-open-lightbox=\"yes\" data-elementor-lightbox-slideshow=\"2eb2511\" data-elementor-lightbox-title=\"Daimiel_-_Iglesia_de_San_Pedro_Apostol\" e-action-hash=\"#elementor-action%3Aaction%3Dlightbox%26settings%3DeyJpZCI6MTI3MTMsInVybCI6Imh0dHBzOlwvXC9kYWltaWVsdHVyaXNtby5jb21cL3dwLWNvbnRlbnRcL3VwbG9hZHNcLzIwMjNcLzAyXC9EYWltaWVsXy1fSWdsZXNpYV9kZV9TYW5fUGVkcm9fQXBvc3RvbC5qcGciLCJzbGlkZXNob3ciOiIyZWIyNTExIn0%3D\" href=\"https:\/\/daimielturismo.com\/wp-content\/uploads\/2023\/02\/Daimiel_-_Iglesia_de_San_Pedro_Apostol.jpg\"><figure class=\"swiper-slide-inner\"><img class=\"swiper-slide-image\" src=\"https:\/\/daimielturismo.com\/wp-content\/uploads\/2023\/02\/Daimiel_-_Iglesia_de_San_Pedro_Apostol-600x590.jpg\" alt=\"Iglesia San Pedro Ap\u00f3stol\" \/><\/figure><\/a><\/div><div class=\"swiper-slide\"><a data-elementor-open-lightbox=\"yes\" data-elementor-lightbox-slideshow=\"2eb2511\" data-elementor-lightbox-title=\"iglesia-santa-maria-la-mayor\" e-action-hash=\"#elementor-action%3Aaction%3Dlightbox%26settings%3DeyJpZCI6MTI3MTQsInVybCI6Imh0dHBzOlwvXC9kYWltaWVsdHVyaXNtby5jb21cL3dwLWNvbnRlbnRcL3VwbG9hZHNcLzIwMjNcLzAyXC9pZ2xlc2lhLXNhbnRhLW1hcmlhLWxhLW1heW9yLmpwZyIsInNsaWRlc2hvdyI6IjJlYjI1MTEifQ%3D%3D\" href=\"https:\/\/daimielturismo.com\/wp-content\/uploads\/2023\/02\/iglesia-santa-maria-la-mayor.jpg\"><figure class=\"swiper-slide-inner\"><img class=\"swiper-slide-image\" src=\"https:\/\/daimielturismo.com\/wp-content\/uploads\/2023\/02\/iglesia-santa-maria-la-mayor-600x472.jpg\" alt=\"Iglesia Santa Mar\u00eda La Mayor\" \/><\/figure><\/a><\/div><div class=\"swiper-slide\"><a data-elementor-open-lightbox=\"yes\" data-elementor-lightbox-slideshow=\"2eb2511\" data-elementor-lightbox-title=\"motilla-del-azuer\" e-action-hash=\"#elementor-action%3Aaction%3Dlightbox%26settings%3DeyJpZCI6MTI3MTUsInVybCI6Imh0dHBzOlwvXC9kYWltaWVsdHVyaXNtby5jb21cL3dwLWNvbnRlbnRcL3VwbG9hZHNcLzIwMjNcLzAyXC9tb3RpbGxhLWRlbC1henVlci5qcGciLCJzbGlkZXNob3ciOiIyZWIyNTExIn0%3D\" href=\"https:\/\/daimielturismo.com\/wp-content\/uploads\/2023\/02\/motilla-del-azuer.jpg\"><figure class=\"swiper-slide-inner\"><img class=\"swiper-slide-image\" src=\"https:\/\/daimielturismo.com\/wp-content\/uploads\/2023\/02\/motilla-del-azuer-600x590.jpg\" alt=\"Motilla del Azuer\" \/><\/figure><\/a><\/div><div class=\"swiper-slide\"><a data-elementor-open-lightbox=\"yes\" data-elementor-lightbox-slideshow=\"2eb2511\" data-elementor-lightbox-title=\"museo-comarcal\" e-action-hash=\"#elementor-action%3Aaction%3Dlightbox%26settings%3DeyJpZCI6MTI3MTYsInVybCI6Imh0dHBzOlwvXC9kYWltaWVsdHVyaXNtby5jb21cL3dwLWNvbnRlbnRcL3VwbG9hZHNcLzIwMjNcLzAyXC9tdXNlby1jb21hcmNhbC5qcGciLCJzbGlkZXNob3ciOiIyZWIyNTExIn0%3D\" href=\"https:\/\/daimielturismo.com\/wp-content\/uploads\/2023\/02\/museo-comarcal.jpg\"><figure class=\"swiper-slide-inner\"><img class=\"swiper-slide-image\" src=\"https:\/\/daimielturismo.com\/wp-content\/uploads\/2023\/02\/museo-comarcal-600x590.jpg\" alt=\"Museo Comarcal\" \/><\/figure><\/a><\/div>\t\t\t<\/div>\n\t\t\t\t\t\t\t\t\t\t\t\t<div class=\"swiper-pagination\"><\/div>\n\t\t\t\t\t\t\t\t\t\t\t\t\t<div class=\"elementor-swiper-button elementor-swiper-button-prev\">\n\t\t\t\t\t\t<i aria-hidden=\"true\" class=\"eicon-chevron-left\"><\/i>\t\t\t\t\t\t<span class=\"elementor-screen-only\">Pr\u00e9c\u00e9dent<\/span>\n\t\t\t\t\t<\/div>\n\t\t\t\t\t<div class=\"elementor-swiper-button elementor-swiper-button-next\">\n\t\t\t\t\t\t<i aria-hidden=\"true\" class=\"eicon-chevron-right\"><\/i>\t\t\t\t\t\t<span class=\"elementor-screen-only\">Suivant<\/span>\n\t\t\t\t\t<\/div>\n\t\t\t\t\t\t\t\t\t<\/div>\n\t\t\t\t<\/div>\n\t\t\t\t<\/div>\n\t\t\t\t\t<\/div>\n\t\t<\/div>\n\t\t\t\t<div class=\"elementor-column elementor-col-50 elementor-top-column elementor-element elementor-element-3b133c6\" data-id=\"3b133c6\" data-element_type=\"column\">\n\t\t\t<div class=\"elementor-widget-wrap elementor-element-populated\">\n\t\t\t\t\t\t\t\t<div class=\"elementor-element elementor-element-2f42b05 elementor-widget elementor-widget-heading\" data-id=\"2f42b05\" data-element_type=\"widget\" data-widget_type=\"heading.default\">\n\t\t\t\t<div class=\"elementor-widget-container\">\n\t\t\t<h2 class=\"elementor-heading-title elementor-size-default\"><span style=\"letter-spacing: -0.24px; text-align: center; color: var(--text-1);\">Lieux d'int\u00e9r\u00eat<\/span><\/h2>\t\t<\/div>\n\t\t\t\t<\/div>\n\t\t\t\t<div class=\"elementor-element elementor-element-5bcbce9 elementor-widget elementor-widget-text-editor\" data-id=\"5bcbce9\" data-element_type=\"widget\" data-widget_type=\"text-editor.default\">\n\t\t\t\t<div class=\"elementor-widget-container\">\n\t\t\t\t\t\t\t<p>Nous vous conseillons de visiter un certain nombre de sites d'int\u00e9r\u00eat touristique dans la r\u00e9gion.<\/p>\t\t\t\t\t\t<\/div>\n\t\t\t\t<\/div>\n\t\t\t\t<div class=\"elementor-element elementor-element-ff953d1 elementor-widget elementor-widget-spacer\" data-id=\"ff953d1\" data-element_type=\"widget\" data-widget_type=\"spacer.default\">\n\t\t\t\t<div class=\"elementor-widget-container\">\n\t\t\t\t\t<div class=\"elementor-spacer\">\n\t\t\t<div class=\"elementor-spacer-inner\"><\/div>\n\t\t<\/div>\n\t\t\t\t<\/div>\n\t\t\t\t<\/div>\n\t\t\t\t<div class=\"elementor-element elementor-element-0a0f515 elementor-widget elementor-widget-lst_accordion\" data-id=\"0a0f515\" data-element_type=\"widget\" data-widget_type=\"lst_accordion.default\">\n\t\t\t\t<div class=\"elementor-widget-container\">\n\t\t\t<div class=\"listivo-app\">\n    <lst-accordion\n            class=\"listivo-accordions\"\n            item-selector=\".listivo-accordion__text--\"\n            >\n        <div class=\"listivo-accordions\" slot-scope=\"props\">\n                            <div\n                        class=\"listivo-accordions__item listivo-accordion\"\n                        :class=\"{'listivo-accordion--open': props.open === '0'}\"\n                >\n                    <div\n                            class=\"listivo-accordion__head\"\n                            @click.prevent=\"props.onOpen('0')\"\n                    >\n                        <h3 class=\"listivo-accordion__label\">\n                            \u00c9glise de Santa Mar\u00eda La Mayor                        <\/h3>\n\n                        <div class=\"listivo-accordion__arrow\">\n                            <svg xmlns=\"http:\/\/www.w3.org\/2000\/svg\" width=\"16\" height=\"14\" viewbox=\"0 0 16 14\"\n                                 fill=\"none\">\n                                <path d=\"M6.0872 0.243855C6.25012 0.0809372 6.46304 -0.000312964 6.67637 -0.000312964C6.88971 -0.000312964 7.10263 0.0809372 7.26554 0.243855C7.59096 0.569274 7.59096 1.09678 7.26554 1.4222L2.85468 5.83306L14.1764 5.83306C14.6364 5.83306 15.0098 6.2064 15.0098 6.6664C15.0098 7.1264 14.6364 7.49974 14.1764 7.49974L2.85468 7.49974L7.26554 11.9106C7.59096 12.236 7.59096 12.7635 7.26554 13.0889C6.94013 13.4144 6.41262 13.4144 6.0872 13.0889L0.25383 7.25557C-0.0715891 6.93015 -0.0715891 6.40265 0.25383 6.07723L6.0872 0.243855Z\"\n                                      fill=\"#2A3946\"\/>\n                            <\/svg>\n                        <\/div>\n                    <\/div>\n\n                                            <template>\n                            <div\n                                    class=\"listivo-accordion__text listivo-accordion__text--0\"\n                                    style=\"display: none;\"\n                            >\n                                Datant de la fin du XIVe si\u00e8cle, cet \u00e9difice de style gothique domine les jardins du Parterre par sa porte Renaissance.\n\nA l'int\u00e9rieur, on remarque la sculpture baroque du \"Christ de l'Expiration\" et la d\u00e9coration sculpturale des chapiteaux qui refl\u00e8tent l'esprit dogmatique de l'\u00e9poque.\n\nIl faut souligner le chapiteau de la \"Sir\u00e8ne\" sur l'un des piliers de la nef centrale de l'\u00e9glise, dont on peut voir une reproduction au Mus\u00e9e r\u00e9gional.                            <\/div>\n                        <\/template>\n                                    <\/div>\n                            <div\n                        class=\"listivo-accordions__item listivo-accordion\"\n                        :class=\"{'listivo-accordion--open': props.open === '1'}\"\n                >\n                    <div\n                            class=\"listivo-accordion__head\"\n                            @click.prevent=\"props.onOpen('1')\"\n                    >\n                        <h3 class=\"listivo-accordion__label\">\n                            \u00c9glise de San Pedro Ap\u00f3stol                        <\/h3>\n\n                        <div class=\"listivo-accordion__arrow\">\n                            <svg xmlns=\"http:\/\/www.w3.org\/2000\/svg\" width=\"16\" height=\"14\" viewbox=\"0 0 16 14\"\n                                 fill=\"none\">\n                                <path d=\"M6.0872 0.243855C6.25012 0.0809372 6.46304 -0.000312964 6.67637 -0.000312964C6.88971 -0.000312964 7.10263 0.0809372 7.26554 0.243855C7.59096 0.569274 7.59096 1.09678 7.26554 1.4222L2.85468 5.83306L14.1764 5.83306C14.6364 5.83306 15.0098 6.2064 15.0098 6.6664C15.0098 7.1264 14.6364 7.49974 14.1764 7.49974L2.85468 7.49974L7.26554 11.9106C7.59096 12.236 7.59096 12.7635 7.26554 13.0889C6.94013 13.4144 6.41262 13.4144 6.0872 13.0889L0.25383 7.25557C-0.0715891 6.93015 -0.0715891 6.40265 0.25383 6.07723L6.0872 0.243855Z\"\n                                      fill=\"#2A3946\"\/>\n                            <\/svg>\n                        <\/div>\n                    <\/div>\n\n                                            <template>\n                            <div\n                                    class=\"listivo-accordion__text listivo-accordion__text--1\"\n                                    style=\"display: none;\"\n                            >\n                                Sa construction est due \u00e0 la croissance que Daimiel a connue au cours des XVe et XVIe si\u00e8cles, ce qui a rendu n\u00e9cessaire la construction d'une autre \u00e9glise.\nC'est ainsi que Carlos Ier donna la licence et l'autorisation de construire cette deuxi\u00e8me \u00e9glise paroissiale en 1542.\nElle pr\u00e9sente un plan en croix latine et des vo\u00fbtes d'ar\u00eates.\nLe retable actuel date de 1948 et abrite des peintures de l'artiste Daimiel Juan D'Opazo.                            <\/div>\n                        <\/template>\n                                    <\/div>\n                            <div\n                        class=\"listivo-accordions__item listivo-accordion\"\n                        :class=\"{'listivo-accordion--open': props.open === '2'}\"\n                >\n                    <div\n                            class=\"listivo-accordion__head\"\n                            @click.prevent=\"props.onOpen('2')\"\n                    >\n                        <h3 class=\"listivo-accordion__label\">\n                            Centre de l'eau et des zones humides                        <\/h3>\n\n                        <div class=\"listivo-accordion__arrow\">\n                            <svg xmlns=\"http:\/\/www.w3.org\/2000\/svg\" width=\"16\" height=\"14\" viewbox=\"0 0 16 14\"\n                                 fill=\"none\">\n                                <path d=\"M6.0872 0.243855C6.25012 0.0809372 6.46304 -0.000312964 6.67637 -0.000312964C6.88971 -0.000312964 7.10263 0.0809372 7.26554 0.243855C7.59096 0.569274 7.59096 1.09678 7.26554 1.4222L2.85468 5.83306L14.1764 5.83306C14.6364 5.83306 15.0098 6.2064 15.0098 6.6664C15.0098 7.1264 14.6364 7.49974 14.1764 7.49974L2.85468 7.49974L7.26554 11.9106C7.59096 12.236 7.59096 12.7635 7.26554 13.0889C6.94013 13.4144 6.41262 13.4144 6.0872 13.0889L0.25383 7.25557C-0.0715891 6.93015 -0.0715891 6.40265 0.25383 6.07723L6.0872 0.243855Z\"\n                                      fill=\"#2A3946\"\/>\n                            <\/svg>\n                        <\/div>\n                    <\/div>\n\n                                            <template>\n                            <div\n                                    class=\"listivo-accordion__text listivo-accordion__text--2\"\n                                    style=\"display: none;\"\n                            >\n                                Le Centro de Interpretaci\u00f3n y Documentaci\u00f3n del Agua y los Humedales Manchegos (CIDAHM), situ\u00e9 \u00e0 Daimiel (Ciudad Real), a \u00e9t\u00e9 con\u00e7u par l'architecte Miguel Fisac. Il int\u00e8gre et d\u00e9veloppe les principaux aspects naturels, sociaux, \u00e9conomiques et historiques li\u00e9s \u00e0 l'eau dans notre r\u00e9gion. Il fait partie du r\u00e9seau de centres d'\u00e9ducation \u00e0 l'environnement de la Junta de Comunidades de Castilla-La Mancha.                            <\/div>\n                        <\/template>\n                                    <\/div>\n                            <div\n                        class=\"listivo-accordions__item listivo-accordion\"\n                        :class=\"{'listivo-accordion--open': props.open === '3'}\"\n                >\n                    <div\n                            class=\"listivo-accordion__head\"\n                            @click.prevent=\"props.onOpen('3')\"\n                    >\n                        <h3 class=\"listivo-accordion__label\">\n                            Mus\u00e9e r\u00e9gional de Daimiel                        <\/h3>\n\n                        <div class=\"listivo-accordion__arrow\">\n                            <svg xmlns=\"http:\/\/www.w3.org\/2000\/svg\" width=\"16\" height=\"14\" viewbox=\"0 0 16 14\"\n                                 fill=\"none\">\n                                <path d=\"M6.0872 0.243855C6.25012 0.0809372 6.46304 -0.000312964 6.67637 -0.000312964C6.88971 -0.000312964 7.10263 0.0809372 7.26554 0.243855C7.59096 0.569274 7.59096 1.09678 7.26554 1.4222L2.85468 5.83306L14.1764 5.83306C14.6364 5.83306 15.0098 6.2064 15.0098 6.6664C15.0098 7.1264 14.6364 7.49974 14.1764 7.49974L2.85468 7.49974L7.26554 11.9106C7.59096 12.236 7.59096 12.7635 7.26554 13.0889C6.94013 13.4144 6.41262 13.4144 6.0872 13.0889L0.25383 7.25557C-0.0715891 6.93015 -0.0715891 6.40265 0.25383 6.07723L6.0872 0.243855Z\"\n                                      fill=\"#2A3946\"\/>\n                            <\/svg>\n                        <\/div>\n                    <\/div>\n\n                                            <template>\n                            <div\n                                    class=\"listivo-accordion__text listivo-accordion__text--3\"\n                                    style=\"display: none;\"\n                            >\n                                Le mus\u00e9e r\u00e9gional de Daimiel est install\u00e9 dans l'ancienne \"Casa del M\u00e9dico\", un b\u00e2timent r\u00e9nov\u00e9 qui conserve la typologie architecturale traditionnelle. Le mus\u00e9e rassemble l'histoire et les coutumes de Daimiel et de sa r\u00e9gion, depuis ses origines lointaines jusqu'\u00e0 nos jours, et rend hommage \u00e0 trois illustres Daimieliens : l'architecte Miguel Fisac, le peintre Juan D'Opazo et le collectionneur de c\u00e9ramiques Vicente Carranza.\n<a href=\"http:\/\/museocomarcaldaimiel.es\/\" target=\"_blank\">http:\/\/museocomarcaldaimiel.es\/<\/a>                            <\/div>\n                        <\/template>\n                                    <\/div>\n                            <div\n                        class=\"listivo-accordions__item listivo-accordion\"\n                        :class=\"{'listivo-accordion--open': props.open === '4'}\"\n                >\n                    <div\n                            class=\"listivo-accordion__head\"\n                            @click.prevent=\"props.onOpen('4')\"\n                    >\n                        <h3 class=\"listivo-accordion__label\">\n                            Motilla del Azuer                        <\/h3>\n\n                        <div class=\"listivo-accordion__arrow\">\n                            <svg xmlns=\"http:\/\/www.w3.org\/2000\/svg\" width=\"16\" height=\"14\" viewbox=\"0 0 16 14\"\n                                 fill=\"none\">\n                                <path d=\"M6.0872 0.243855C6.25012 0.0809372 6.46304 -0.000312964 6.67637 -0.000312964C6.88971 -0.000312964 7.10263 0.0809372 7.26554 0.243855C7.59096 0.569274 7.59096 1.09678 7.26554 1.4222L2.85468 5.83306L14.1764 5.83306C14.6364 5.83306 15.0098 6.2064 15.0098 6.6664C15.0098 7.1264 14.6364 7.49974 14.1764 7.49974L2.85468 7.49974L7.26554 11.9106C7.59096 12.236 7.59096 12.7635 7.26554 13.0889C6.94013 13.4144 6.41262 13.4144 6.0872 13.0889L0.25383 7.25557C-0.0715891 6.93015 -0.0715891 6.40265 0.25383 6.07723L6.0872 0.243855Z\"\n                                      fill=\"#2A3946\"\/>\n                            <\/svg>\n                        <\/div>\n                    <\/div>\n\n                                            <template>\n                            <div\n                                    class=\"listivo-accordion__text listivo-accordion__text--4\"\n                                    style=\"display: none;\"\n                            >\n                                Le site arch\u00e9ologique de Motilla del Azuer, situ\u00e9 sur la rive gauche de la rivi\u00e8re Azuer, dans la ville de Daimiel, peut \u00eatre consid\u00e9r\u00e9 comme un v\u00e9ritable \u00e9tablissement pr\u00e9historique de l'\u00e2ge du bronze, datant des 23e et 15e si\u00e8cles avant J.-C. Il a \u00e9t\u00e9 d\u00e9clar\u00e9 Bien d'int\u00e9r\u00eat culturel (B.I.C.). Il a \u00e9t\u00e9 d\u00e9clar\u00e9 Bien d'Int\u00e9r\u00eat Culturel (B.I.C).\n<a href=\"http:\/\/www.motilladelazuer.es\/\" target=\"_blank\">http:\/\/www.motilladelazuer.es\/<\/a>\n                            <\/div>\n                        <\/template>\n                                    <\/div>\n                            <div\n                        class=\"listivo-accordions__item listivo-accordion\"\n                        :class=\"{'listivo-accordion--open': props.open === '5'}\"\n                >\n                    <div\n                            class=\"listivo-accordion__head\"\n                            @click.prevent=\"props.onOpen('5')\"\n                    >\n                        <h3 class=\"listivo-accordion__label\">\n                            Lagune de Navaseca                        <\/h3>\n\n                        <div class=\"listivo-accordion__arrow\">\n                            <svg xmlns=\"http:\/\/www.w3.org\/2000\/svg\" width=\"16\" height=\"14\" viewbox=\"0 0 16 14\"\n                                 fill=\"none\">\n                                <path d=\"M6.0872 0.243855C6.25012 0.0809372 6.46304 -0.000312964 6.67637 -0.000312964C6.88971 -0.000312964 7.10263 0.0809372 7.26554 0.243855C7.59096 0.569274 7.59096 1.09678 7.26554 1.4222L2.85468 5.83306L14.1764 5.83306C14.6364 5.83306 15.0098 6.2064 15.0098 6.6664C15.0098 7.1264 14.6364 7.49974 14.1764 7.49974L2.85468 7.49974L7.26554 11.9106C7.59096 12.236 7.59096 12.7635 7.26554 13.0889C6.94013 13.4144 6.41262 13.4144 6.0872 13.0889L0.25383 7.25557C-0.0715891 6.93015 -0.0715891 6.40265 0.25383 6.07723L6.0872 0.243855Z\"\n                                      fill=\"#2A3946\"\/>\n                            <\/svg>\n                        <\/div>\n                    <\/div>\n\n                                            <template>\n                            <div\n                                    class=\"listivo-accordion__text listivo-accordion__text--5\"\n                                    style=\"display: none;\"\n                            >\n                                Elle fait partie des lagunes et des zones humides qui constituent la r\u00e9serve de biosph\u00e8re \"Mancha H\u00fameda\".\n\n\u00c0 environ 2 kilom\u00e8tres de Daimiel, entre la ville et la rivi\u00e8re Guadiana, en suivant la route El Nuevo, la lagune de Navaseca fait partie de l'ensemble des lagunes de la commune de Daimiel qui ont d\u00e9j\u00e0 \u00e9t\u00e9 d\u00e9crites au XVIe si\u00e8cle dans les rapports topographiques ordonn\u00e9s par Felipe II.\n\nNavaseca est une zone humide exceptionnelle pour l'observation des oiseaux. Elle abrite une grande vari\u00e9t\u00e9 d'esp\u00e8ces, dont des canards, des mouettes, des foulques, des calamars et surtout l'\u00e9rismature \u00e0 t\u00eate blanche, une esp\u00e8ce rare, et le flamant rose.\n\nLes champs de c\u00e9r\u00e9ales et les vignobles qui entourent la lagune sont propices \u00e0 la pr\u00e9sence d'autres esp\u00e8ces dites steppiques, telles que l'agrion des rochers ou le tr\u00e8s rare t\u00e9tras \u00e0 queue barr\u00e9e.\n\nLa v\u00e9g\u00e9tation de la lagune est caract\u00e9ristique des zones humides, les roseaux, les joncs et les ch\u00e2taigniers alternant avec des prairies de joncs et d'autres plantes riveraines. Le tamaris est le principal \u00e9l\u00e9ment de la v\u00e9g\u00e9tation arboricole.\n\nIl s'agit d'une magnifique enclave pour les ornithologues et les photographes professionnels et amateurs, ce qui en fait un point de r\u00e9f\u00e9rence pour la richesse et la vari\u00e9t\u00e9 des oiseaux de la lagune.\n\nLa lagune est \u00e9quip\u00e9e d'un parking, d'observatoires et d'itin\u00e9raires pi\u00e9tonniers.\nSource : <a href=\"https:\/\/www.daimiel.es\/es\/turismo\/laguna-de-navaseca\" target=\"_blank\">https:\/\/www.daimiel.es\/es\/turismo\/laguna-de-navaseca<\/a>                            <\/div>\n                        <\/template>\n                                    <\/div>\n                    <\/div>\n    <\/lst-accordion>\n<\/div>\n\t\t<\/div>\n\t\t\t\t<\/div>\n\t\t\t\t<div class=\"elementor-element elementor-element-a2ed14a elementor-widget elementor-widget-text-editor\" data-id=\"a2ed14a\" data-element_type=\"widget\" data-widget_type=\"text-editor.default\">\n\t\t\t\t<div class=\"elementor-widget-container\">\n\t\t\t\t\t\t\t\t\t\t\t\t\t<\/div>\n\t\t\t\t<\/div>\n\t\t\t\t\t<\/div>\n\t\t<\/div>\n\t\t\t\t\t\t\t<\/div>\n\t\t<\/section>\n\t\t\t\t<section class=\"elementor-section elementor-top-section elementor-element elementor-element-292c4c4 elementor-reverse-tablet elementor-reverse-mobile elementor-section-boxed elementor-section-height-default elementor-section-height-default\" data-id=\"292c4c4\" data-element_type=\"section\">\n\t\t\t\t\t\t<div class=\"elementor-container elementor-column-gap-default\">\n\t\t\t\t\t<div class=\"elementor-column elementor-col-50 elementor-top-column elementor-element elementor-element-ca0ed3c\" data-id=\"ca0ed3c\" data-element_type=\"column\">\n\t\t\t<div class=\"elementor-widget-wrap elementor-element-populated\">\n\t\t\t\t\t\t\t\t<div class=\"elementor-element elementor-element-0baae5d elementor-widget elementor-widget-heading\" data-id=\"0baae5d\" data-element_type=\"widget\" data-widget_type=\"heading.default\">\n\t\t\t\t<div class=\"elementor-widget-container\">\n\t\t\t<h2 class=\"elementor-heading-title elementor-size-default\"><span style=\"letter-spacing: -0.24px; text-align: center; color: var(--text-1);\">Les f\u00eates<\/span><\/h2>\t\t<\/div>\n\t\t\t\t<\/div>\n\t\t\t\t<div class=\"elementor-element elementor-element-1acbfdb elementor-widget elementor-widget-text-editor\" data-id=\"1acbfdb\" data-element_type=\"widget\" data-widget_type=\"text-editor.default\">\n\t\t\t\t<div class=\"elementor-widget-container\">\n\t\t\t\t\t\t\t<p>Nous vous conseillons de visiter un certain nombre de sites d'int\u00e9r\u00eat touristique dans la r\u00e9gion.<\/p>\t\t\t\t\t\t<\/div>\n\t\t\t\t<\/div>\n\t\t\t\t<div class=\"elementor-element elementor-element-d870bb9 elementor-widget elementor-widget-spacer\" data-id=\"d870bb9\" data-element_type=\"widget\" data-widget_type=\"spacer.default\">\n\t\t\t\t<div class=\"elementor-widget-container\">\n\t\t\t\t\t<div class=\"elementor-spacer\">\n\t\t\t<div class=\"elementor-spacer-inner\"><\/div>\n\t\t<\/div>\n\t\t\t\t<\/div>\n\t\t\t\t<\/div>\n\t\t\t\t<div class=\"elementor-element elementor-element-290363d elementor-widget elementor-widget-lst_accordion\" data-id=\"290363d\" data-element_type=\"widget\" data-widget_type=\"lst_accordion.default\">\n\t\t\t\t<div class=\"elementor-widget-container\">\n\t\t\t<div class=\"listivo-app\">\n    <lst-accordion\n            class=\"listivo-accordions\"\n            item-selector=\".listivo-accordion__text--\"\n            >\n        <div class=\"listivo-accordions\" slot-scope=\"props\">\n                            <div\n                        class=\"listivo-accordions__item listivo-accordion\"\n                        :class=\"{'listivo-accordion--open': props.open === '0'}\"\n                >\n                    <div\n                            class=\"listivo-accordion__head\"\n                            @click.prevent=\"props.onOpen('0')\"\n                    >\n                        <h3 class=\"listivo-accordion__label\">\n                            Semaine Sainte                        <\/h3>\n\n                        <div class=\"listivo-accordion__arrow\">\n                            <svg xmlns=\"http:\/\/www.w3.org\/2000\/svg\" width=\"16\" height=\"14\" viewbox=\"0 0 16 14\"\n                                 fill=\"none\">\n                                <path d=\"M6.0872 0.243855C6.25012 0.0809372 6.46304 -0.000312964 6.67637 -0.000312964C6.88971 -0.000312964 7.10263 0.0809372 7.26554 0.243855C7.59096 0.569274 7.59096 1.09678 7.26554 1.4222L2.85468 5.83306L14.1764 5.83306C14.6364 5.83306 15.0098 6.2064 15.0098 6.6664C15.0098 7.1264 14.6364 7.49974 14.1764 7.49974L2.85468 7.49974L7.26554 11.9106C7.59096 12.236 7.59096 12.7635 7.26554 13.0889C6.94013 13.4144 6.41262 13.4144 6.0872 13.0889L0.25383 7.25557C-0.0715891 6.93015 -0.0715891 6.40265 0.25383 6.07723L6.0872 0.243855Z\"\n                                      fill=\"#2A3946\"\/>\n                            <\/svg>\n                        <\/div>\n                    <\/div>\n\n                                            <template>\n                            <div\n                                    class=\"listivo-accordion__text listivo-accordion__text--0\"\n                                    style=\"display: none;\"\n                            >\n                                D\u00e9clar\u00e9 d'int\u00e9r\u00eat touristique r\u00e9gional.                            <\/div>\n                        <\/template>\n                                    <\/div>\n                            <div\n                        class=\"listivo-accordions__item listivo-accordion\"\n                        :class=\"{'listivo-accordion--open': props.open === '1'}\"\n                >\n                    <div\n                            class=\"listivo-accordion__head\"\n                            @click.prevent=\"props.onOpen('1')\"\n                    >\n                        <h3 class=\"listivo-accordion__label\">\n                            Carnaval                        <\/h3>\n\n                        <div class=\"listivo-accordion__arrow\">\n                            <svg xmlns=\"http:\/\/www.w3.org\/2000\/svg\" width=\"16\" height=\"14\" viewbox=\"0 0 16 14\"\n                                 fill=\"none\">\n                                <path d=\"M6.0872 0.243855C6.25012 0.0809372 6.46304 -0.000312964 6.67637 -0.000312964C6.88971 -0.000312964 7.10263 0.0809372 7.26554 0.243855C7.59096 0.569274 7.59096 1.09678 7.26554 1.4222L2.85468 5.83306L14.1764 5.83306C14.6364 5.83306 15.0098 6.2064 15.0098 6.6664C15.0098 7.1264 14.6364 7.49974 14.1764 7.49974L2.85468 7.49974L7.26554 11.9106C7.59096 12.236 7.59096 12.7635 7.26554 13.0889C6.94013 13.4144 6.41262 13.4144 6.0872 13.0889L0.25383 7.25557C-0.0715891 6.93015 -0.0715891 6.40265 0.25383 6.07723L6.0872 0.243855Z\"\n                                      fill=\"#2A3946\"\/>\n                            <\/svg>\n                        <\/div>\n                    <\/div>\n\n                                            <template>\n                            <div\n                                    class=\"listivo-accordion__text listivo-accordion__text--1\"\n                                    style=\"display: none;\"\n                            >\n                                C'est la f\u00eate pa\u00efenne par excellence, \u00e0 ces dates une grande partie des habitants de Daimiel se cachent derri\u00e8re le masque, avec leurs costumes en lambeaux et bizarres pour faire des farces \u00e0 leurs voisins et amis. Pour parler de ses origines, il faut remonter \u00e0 l'ann\u00e9e 1650, lorsque l'on apprenait d\u00e9j\u00e0 l'existence de la \"Cofrad\u00eda de la \u00c1nimas\" (Confr\u00e9rie des \u00e2mes) qui d\u00e9filait dans le village. Chaque ann\u00e9e, la distinction de \"M\u00e1scara Guarrona\" est d\u00e9cern\u00e9e \u00e0 un citoyen remarquable pour sa participation \u00e0 ces festivit\u00e9s.                            <\/div>\n                        <\/template>\n                                    <\/div>\n                            <div\n                        class=\"listivo-accordions__item listivo-accordion\"\n                        :class=\"{'listivo-accordion--open': props.open === '2'}\"\n                >\n                    <div\n                            class=\"listivo-accordion__head\"\n                            @click.prevent=\"props.onOpen('2')\"\n                    >\n                        <h3 class=\"listivo-accordion__label\">\n                            Le p\u00e8lerinage de la Vierge des Croix                        <\/h3>\n\n                        <div class=\"listivo-accordion__arrow\">\n                            <svg xmlns=\"http:\/\/www.w3.org\/2000\/svg\" width=\"16\" height=\"14\" viewbox=\"0 0 16 14\"\n                                 fill=\"none\">\n                                <path d=\"M6.0872 0.243855C6.25012 0.0809372 6.46304 -0.000312964 6.67637 -0.000312964C6.88971 -0.000312964 7.10263 0.0809372 7.26554 0.243855C7.59096 0.569274 7.59096 1.09678 7.26554 1.4222L2.85468 5.83306L14.1764 5.83306C14.6364 5.83306 15.0098 6.2064 15.0098 6.6664C15.0098 7.1264 14.6364 7.49974 14.1764 7.49974L2.85468 7.49974L7.26554 11.9106C7.59096 12.236 7.59096 12.7635 7.26554 13.0889C6.94013 13.4144 6.41262 13.4144 6.0872 13.0889L0.25383 7.25557C-0.0715891 6.93015 -0.0715891 6.40265 0.25383 6.07723L6.0872 0.243855Z\"\n                                      fill=\"#2A3946\"\/>\n                            <\/svg>\n                        <\/div>\n                    <\/div>\n\n                                            <template>\n                            <div\n                                    class=\"listivo-accordion__text listivo-accordion__text--2\"\n                                    style=\"display: none;\"\n                            >\n                                Sainte patronne de Daimiel, c\u00e9l\u00e9br\u00e9e le dimanche de la Pentec\u00f4te et le deuxi\u00e8me dimanche de septembre dans son sanctuaire. Des milliers de personnes affluent au sanctuaire pour organiser le typique pique-nique familial et pour participer aux nombreuses manifestations religieuses, folkloriques et gastronomiques.                            <\/div>\n                        <\/template>\n                                    <\/div>\n                            <div\n                        class=\"listivo-accordions__item listivo-accordion\"\n                        :class=\"{'listivo-accordion--open': props.open === '3'}\"\n                >\n                    <div\n                            class=\"listivo-accordion__head\"\n                            @click.prevent=\"props.onOpen('3')\"\n                    >\n                        <h3 class=\"listivo-accordion__label\">\n                            Foire et festivit\u00e9s                        <\/h3>\n\n                        <div class=\"listivo-accordion__arrow\">\n                            <svg xmlns=\"http:\/\/www.w3.org\/2000\/svg\" width=\"16\" height=\"14\" viewbox=\"0 0 16 14\"\n                                 fill=\"none\">\n                                <path d=\"M6.0872 0.243855C6.25012 0.0809372 6.46304 -0.000312964 6.67637 -0.000312964C6.88971 -0.000312964 7.10263 0.0809372 7.26554 0.243855C7.59096 0.569274 7.59096 1.09678 7.26554 1.4222L2.85468 5.83306L14.1764 5.83306C14.6364 5.83306 15.0098 6.2064 15.0098 6.6664C15.0098 7.1264 14.6364 7.49974 14.1764 7.49974L2.85468 7.49974L7.26554 11.9106C7.59096 12.236 7.59096 12.7635 7.26554 13.0889C6.94013 13.4144 6.41262 13.4144 6.0872 13.0889L0.25383 7.25557C-0.0715891 6.93015 -0.0715891 6.40265 0.25383 6.07723L6.0872 0.243855Z\"\n                                      fill=\"#2A3946\"\/>\n                            <\/svg>\n                        <\/div>\n                    <\/div>\n\n                                            <template>\n                            <div\n                                    class=\"listivo-accordion__text listivo-accordion__text--3\"\n                                    style=\"display: none;\"\n                            >\n                                Elles se d\u00e9roulent en l'honneur de la Virgen de las Cruces, patronne de Daimiel, du 1er au 5 septembre. Parall\u00e8lement \u00e0 ces festivit\u00e9s, et sans aucun doute l'une des principales attractions, a lieu le \"Daimiel in Concert\", qui constitue un p\u00f4le d'attraction et une r\u00e9f\u00e9rence musicale pour des milliers de personnes gr\u00e2ce aux repr\u00e9sentations, avec des artistes et des groupes nationaux et internationaux de premier plan, qui ont lieu dans l'auditorium municipal, \u00e9galement connu sous le nom de \"Rock\u00f3dromo de La Mancha\".                            <\/div>\n                        <\/template>\n                                    <\/div>\n                    <\/div>\n    <\/lst-accordion>\n<\/div>\n\t\t<\/div>\n\t\t\t\t<\/div>\n\t\t\t\t<div class=\"elementor-element elementor-element-82e05ee elementor-widget elementor-widget-text-editor\" data-id=\"82e05ee\" data-element_type=\"widget\" data-widget_type=\"text-editor.default\">\n\t\t\t\t<div class=\"elementor-widget-container\">\n\t\t\t\t\t\t\t\t\t\t\t\t\t<\/div>\n\t\t\t\t<\/div>\n\t\t\t\t\t<\/div>\n\t\t<\/div>\n\t\t\t\t<div class=\"elementor-column elementor-col-50 elementor-top-column elementor-element elementor-element-5aad21e\" data-id=\"5aad21e\" data-element_type=\"column\">\n\t\t\t<div class=\"elementor-widget-wrap elementor-element-populated\">\n\t\t\t\t\t\t\t\t<div class=\"elementor-element elementor-element-668e0d7 elementor-widget elementor-widget-text-editor\" data-id=\"668e0d7\" data-element_type=\"widget\" data-widget_type=\"text-editor.default\">\n\t\t\t\t<div class=\"elementor-widget-container\">\n\t\t\t\t\t\t\t\t\t\t\t\t\t<\/div>\n\t\t\t\t<\/div>\n\t\t\t\t<div class=\"elementor-element elementor-element-1ed3296 elementor-arrows-position-inside elementor-pagination-position-outside elementor-widget elementor-widget-image-carousel\" data-id=\"1ed3296\" data-element_type=\"widget\" data-settings=\"{&quot;slides_to_show&quot;:&quot;1&quot;,&quot;navigation&quot;:&quot;both&quot;,&quot;autoplay&quot;:&quot;yes&quot;,&quot;pause_on_hover&quot;:&quot;yes&quot;,&quot;pause_on_interaction&quot;:&quot;yes&quot;,&quot;autoplay_speed&quot;:5000,&quot;infinite&quot;:&quot;yes&quot;,&quot;effect&quot;:&quot;slide&quot;,&quot;speed&quot;:500}\" data-widget_type=\"image-carousel.default\">\n\t\t\t\t<div class=\"elementor-widget-container\">\n\t\t\t\t\t<div class=\"elementor-image-carousel-wrapper swiper-container\" dir=\"ltr\">\n\t\t\t<div class=\"elementor-image-carousel swiper-wrapper\">\n\t\t\t\t\t\t\t\t<div class=\"swiper-slide\"><a data-elementor-open-lightbox=\"yes\" data-elementor-lightbox-slideshow=\"1ed3296\" data-elementor-lightbox-title=\"carnaval-daimiel\" e-action-hash=\"#elementor-action%3Aaction%3Dlightbox%26settings%3DeyJpZCI6MTI3MjAsInVybCI6Imh0dHBzOlwvXC9kYWltaWVsdHVyaXNtby5jb21cL3dwLWNvbnRlbnRcL3VwbG9hZHNcLzIwMjNcLzAyXC9jYXJuYXZhbC1kYWltaWVsLmpwZyIsInNsaWRlc2hvdyI6IjFlZDMyOTYifQ%3D%3D\" href=\"https:\/\/daimielturismo.com\/wp-content\/uploads\/2023\/02\/carnaval-daimiel.jpg\"><figure class=\"swiper-slide-inner\"><img class=\"swiper-slide-image\" src=\"https:\/\/daimielturismo.com\/wp-content\/uploads\/2023\/02\/carnaval-daimiel-600x590.jpg\" alt=\"Carnaval de Daimiel\" \/><\/figure><\/a><\/div><div class=\"swiper-slide\"><a data-elementor-open-lightbox=\"yes\" data-elementor-lightbox-slideshow=\"1ed3296\" data-elementor-lightbox-title=\"feria-daimiel\" e-action-hash=\"#elementor-action%3Aaction%3Dlightbox%26settings%3DeyJpZCI6MTI3MjEsInVybCI6Imh0dHBzOlwvXC9kYWltaWVsdHVyaXNtby5jb21cL3dwLWNvbnRlbnRcL3VwbG9hZHNcLzIwMjNcLzAyXC9mZXJpYS1kYWltaWVsLmpwZyIsInNsaWRlc2hvdyI6IjFlZDMyOTYifQ%3D%3D\" href=\"https:\/\/daimielturismo.com\/wp-content\/uploads\/2023\/02\/feria-daimiel.jpg\"><figure class=\"swiper-slide-inner\"><img class=\"swiper-slide-image\" src=\"https:\/\/daimielturismo.com\/wp-content\/uploads\/2023\/02\/feria-daimiel-600x590.jpg\" alt=\"Feria de Daimiel\" \/><\/figure><\/a><\/div><div class=\"swiper-slide\"><a data-elementor-open-lightbox=\"yes\" data-elementor-lightbox-slideshow=\"1ed3296\" data-elementor-lightbox-title=\"SONY DSC\" e-action-hash=\"#elementor-action%3Aaction%3Dlightbox%26settings%3DeyJpZCI6MTI3MjIsInVybCI6Imh0dHBzOlwvXC9kYWltaWVsdHVyaXNtby5jb21cL3dwLWNvbnRlbnRcL3VwbG9hZHNcLzIwMjNcLzAyXC9yb21lcmlhLWRhaW1pZWxqcGcuanBnIiwic2xpZGVzaG93IjoiMWVkMzI5NiJ9\" href=\"https:\/\/daimielturismo.com\/wp-content\/uploads\/2023\/02\/romeria-daimieljpg.jpg\"><figure class=\"swiper-slide-inner\"><img class=\"swiper-slide-image\" src=\"https:\/\/daimielturismo.com\/wp-content\/uploads\/2023\/02\/romeria-daimieljpg-600x533.jpg\" alt=\"Romeria Virgen de las Cruces de Daimiel\" \/><\/figure><\/a><\/div><div class=\"swiper-slide\"><a data-elementor-open-lightbox=\"yes\" data-elementor-lightbox-slideshow=\"1ed3296\" data-elementor-lightbox-title=\"semana-santa-daimiel\" e-action-hash=\"#elementor-action%3Aaction%3Dlightbox%26settings%3DeyJpZCI6MTI3MjMsInVybCI6Imh0dHBzOlwvXC9kYWltaWVsdHVyaXNtby5jb21cL3dwLWNvbnRlbnRcL3VwbG9hZHNcLzIwMjNcLzAyXC9zZW1hbmEtc2FudGEtZGFpbWllbC5qcGciLCJzbGlkZXNob3ciOiIxZWQzMjk2In0%3D\" href=\"https:\/\/daimielturismo.com\/wp-content\/uploads\/2023\/02\/semana-santa-daimiel.jpg\"><figure class=\"swiper-slide-inner\"><img class=\"swiper-slide-image\" src=\"https:\/\/daimielturismo.com\/wp-content\/uploads\/2023\/02\/semana-santa-daimiel-600x408.jpg\" alt=\"Semana Santa de Daimiel\" \/><\/figure><\/a><\/div>\t\t\t<\/div>\n\t\t\t\t\t\t\t\t\t\t\t\t<div class=\"swiper-pagination\"><\/div>\n\t\t\t\t\t\t\t\t\t\t\t\t\t<div class=\"elementor-swiper-button elementor-swiper-button-prev\">\n\t\t\t\t\t\t<i aria-hidden=\"true\" class=\"eicon-chevron-left\"><\/i>\t\t\t\t\t\t<span class=\"elementor-screen-only\">Pr\u00e9c\u00e9dent<\/span>\n\t\t\t\t\t<\/div>\n\t\t\t\t\t<div class=\"elementor-swiper-button elementor-swiper-button-next\">\n\t\t\t\t\t\t<i aria-hidden=\"true\" class=\"eicon-chevron-right\"><\/i>\t\t\t\t\t\t<span class=\"elementor-screen-only\">Suivant<\/span>\n\t\t\t\t\t<\/div>\n\t\t\t\t\t\t\t\t\t<\/div>\n\t\t\t\t<\/div>\n\t\t\t\t<\/div>\n\t\t\t\t\t<\/div>\n\t\t<\/div>\n\t\t\t\t\t\t\t<\/div>\n\t\t<\/section>\n\t\t\t\t<section class=\"elementor-section elementor-top-section elementor-element elementor-element-1a0f28d elementor-section-boxed elementor-section-height-default elementor-section-height-default\" data-id=\"1a0f28d\" data-element_type=\"section\">\n\t\t\t\t\t\t<div class=\"elementor-container elementor-column-gap-default\">\n\t\t\t\t\t<div class=\"elementor-column elementor-col-100 elementor-top-column elementor-element elementor-element-c0f2f4b\" data-id=\"c0f2f4b\" data-element_type=\"column\">\n\t\t\t<div class=\"elementor-widget-wrap elementor-element-populated\">\n\t\t\t\t\t\t\t\t<div class=\"elementor-element elementor-element-b91b8ec elementor-widget elementor-widget-spacer\" data-id=\"b91b8ec\" data-element_type=\"widget\" data-widget_type=\"spacer.default\">\n\t\t\t\t<div class=\"elementor-widget-container\">\n\t\t\t\t\t<div class=\"elementor-spacer\">\n\t\t\t<div class=\"elementor-spacer-inner\"><\/div>\n\t\t<\/div>\n\t\t\t\t<\/div>\n\t\t\t\t<\/div>\n\t\t\t\t<div class=\"elementor-element elementor-element-1d673ec elementor-widget elementor-widget-heading\" data-id=\"1d673ec\" data-element_type=\"widget\" data-widget_type=\"heading.default\">\n\t\t\t\t<div class=\"elementor-widget-container\">\n\t\t\t<h2 class=\"elementor-heading-title elementor-size-default\">Office du tourisme<\/h2>\t\t<\/div>\n\t\t\t\t<\/div>\n\t\t\t\t<div class=\"elementor-element elementor-element-6a67cf9 elementor-widget elementor-widget-spacer\" data-id=\"6a67cf9\" data-element_type=\"widget\" data-widget_type=\"spacer.default\">\n\t\t\t\t<div class=\"elementor-widget-container\">\n\t\t\t\t\t<div class=\"elementor-spacer\">\n\t\t\t<div class=\"elementor-spacer-inner\"><\/div>\n\t\t<\/div>\n\t\t\t\t<\/div>\n\t\t\t\t<\/div>\n\t\t\t\t\t<\/div>\n\t\t<\/div>\n\t\t\t\t\t\t\t<\/div>\n\t\t<\/section>\n\t\t\t\t<section class=\"elementor-section elementor-top-section elementor-element elementor-element-f69b3d7 elementor-section-boxed elementor-section-height-default elementor-section-height-default\" data-id=\"f69b3d7\" data-element_type=\"section\">\n\t\t\t\t\t\t<div class=\"elementor-container elementor-column-gap-default\">\n\t\t\t\t\t<div class=\"elementor-column elementor-col-100 elementor-top-column elementor-element elementor-element-eb1b684\" data-id=\"eb1b684\" data-element_type=\"column\">\n\t\t\t<div class=\"elementor-widget-wrap elementor-element-populated\">\n\t\t\t\t\t\t\t\t<div class=\"elementor-element elementor-element-cde916f elementor-widget elementor-widget-image\" data-id=\"cde916f\" data-element_type=\"widget\" data-widget_type=\"image.default\">\n\t\t\t\t<div class=\"elementor-widget-container\">\n\t\t\t\t\t\t\t\t\t\t\t\t\t\t\t<img width=\"300\" height=\"80\" src=\"https:\/\/daimielturismo.com\/wp-content\/uploads\/2023\/01\/oficina-de-turismo-300x80-1.png\" class=\"attachment-full size-full wp-image-12168\" alt=\"\" loading=\"lazy\" \/>\t\t\t\t\t\t\t\t\t\t\t\t\t\t\t<\/div>\n\t\t\t\t<\/div>\n\t\t\t\t\t<\/div>\n\t\t<\/div>\n\t\t\t\t\t\t\t<\/div>\n\t\t<\/section>\n\t\t\t\t<section class=\"elementor-section elementor-top-section elementor-element elementor-element-9165c72 elementor-section-boxed elementor-section-height-default elementor-section-height-default\" data-id=\"9165c72\" data-element_type=\"section\" data-settings=\"{&quot;background_background&quot;:&quot;classic&quot;}\">\n\t\t\t\t\t\t<div class=\"elementor-container elementor-column-gap-default\">\n\t\t\t\t\t<div class=\"elementor-column elementor-col-100 elementor-top-column elementor-element elementor-element-c7411c5\" data-id=\"c7411c5\" data-element_type=\"column\">\n\t\t\t<div class=\"elementor-widget-wrap elementor-element-populated\">\n\t\t\t\t\t\t\t\t<div class=\"elementor-element elementor-element-8450975 elementor-widget elementor-widget-spacer\" data-id=\"8450975\" data-element_type=\"widget\" data-widget_type=\"spacer.default\">\n\t\t\t\t<div class=\"elementor-widget-container\">\n\t\t\t\t\t<div class=\"elementor-spacer\">\n\t\t\t<div class=\"elementor-spacer-inner\"><\/div>\n\t\t<\/div>\n\t\t\t\t<\/div>\n\t\t\t\t<\/div>\n\t\t\t\t<div class=\"elementor-element elementor-element-a90d4d2 elementor-widget elementor-widget-text-editor\" data-id=\"a90d4d2\" data-element_type=\"widget\" data-widget_type=\"text-editor.default\">\n\t\t\t\t<div class=\"elementor-widget-container\">\n\t\t\t\t\t\t\t<h2><span style=\"font-size: 16px; background-color: var( --e-global-color-lcolor5 ); color: var(--text-1); font-family: var(--font-text); font-weight: 400;\">\u00c0 Daimiel, il y a deux offices de tourisme (commune de Daimiel et parc national).<\/span><\/h2><p><strong>Office du tourisme:\u00a0<\/strong>C\/ Santa Teresa, s\/n, 13250.<br \/><strong>T\u00e9l\u00e9phone :\u00a0<\/strong>926 260 639<br \/><strong>Web:\u00a0<\/strong><a href=\"http:\/\/www.daimiel.es\/daimiel\/turismo\">http:\/\/www.daimiel.es\/turismo<\/a><br \/><br \/><\/p>\t\t\t\t\t\t<\/div>\n\t\t\t\t<\/div>\n\t\t\t\t<div class=\"elementor-element elementor-element-fcdf191 elementor-widget elementor-widget-spacer\" data-id=\"fcdf191\" data-element_type=\"widget\" data-widget_type=\"spacer.default\">\n\t\t\t\t<div class=\"elementor-widget-container\">\n\t\t\t\t\t<div class=\"elementor-spacer\">\n\t\t\t<div class=\"elementor-spacer-inner\"><\/div>\n\t\t<\/div>\n\t\t\t\t<\/div>\n\t\t\t\t<\/div>\n\t\t\t\t\t<\/div>\n\t\t<\/div>\n\t\t\t\t\t\t\t<\/div>\n\t\t<\/section>\n\t\t\t\t<section class=\"elementor-section elementor-top-section elementor-element elementor-element-6eb2882 elementor-section-boxed elementor-section-height-default elementor-section-height-default\" data-id=\"6eb2882\" data-element_type=\"section\">\n\t\t\t\t\t\t<div class=\"elementor-container elementor-column-gap-default\">\n\t\t\t\t\t<div class=\"elementor-column elementor-col-50 elementor-top-column elementor-element elementor-element-effb68c\" data-id=\"effb68c\" data-element_type=\"column\">\n\t\t\t<div class=\"elementor-widget-wrap elementor-element-populated\">\n\t\t\t\t\t\t\t\t<div class=\"elementor-element elementor-element-0f5e8fb elementor-button-warning elementor-align-right elementor-widget elementor-widget-button\" data-id=\"0f5e8fb\" data-element_type=\"widget\" data-widget_type=\"button.default\">\n\t\t\t\t<div class=\"elementor-widget-container\">\n\t\t\t\t\t<div class=\"elementor-button-wrapper\">\n\t\t\t<a href=\"http:\/\/www.lastablasdedaimiel.com\/descargas\/AGENDA_DAIMIEL.jpg\" target=\"_blank\" rel=\"nofollow\" agenda=\"\" class=\"elementor-button-link elementor-button elementor-size-sm\" role=\"button\">\n\t\t\t\t\t\t<span class=\"elementor-button-content-wrapper\">\n\t\t\t\t\t\t\t<span class=\"elementor-button-icon elementor-align-icon-right\">\n\t\t\t\t<i aria-hidden=\"true\" class=\"fas fa-arrow-right\"><\/i>\t\t\t<\/span>\n\t\t\t\t\t\t<span class=\"elementor-button-text\">Ordre du jour<\/span>\n\t\t<\/span>\n\t\t\t\t\t<\/a>\n\t\t<\/div>\n\t\t\t\t<\/div>\n\t\t\t\t<\/div>\n\t\t\t\t\t<\/div>\n\t\t<\/div>\n\t\t\t\t<div class=\"elementor-column elementor-col-50 elementor-top-column elementor-element elementor-element-dc9ecad\" data-id=\"dc9ecad\" data-element_type=\"column\">\n\t\t\t<div class=\"elementor-widget-wrap elementor-element-populated\">\n\t\t\t\t\t\t\t\t<div class=\"elementor-element elementor-element-e54af87 elementor-button-warning elementor-align-left elementor-widget elementor-widget-button\" data-id=\"e54af87\" data-element_type=\"widget\" data-widget_type=\"button.default\">\n\t\t\t\t<div class=\"elementor-widget-container\">\n\t\t\t\t\t<div class=\"elementor-button-wrapper\">\n\t\t\t<a href=\"http:\/\/www.lastablasdedaimiel.com\/descargas\/HORARIOS_DAIMIEL.pdf\" target=\"_blank\" rel=\"nofollow\" horarios=\"\" class=\"elementor-button-link elementor-button elementor-size-sm\" role=\"button\">\n\t\t\t\t\t\t<span class=\"elementor-button-content-wrapper\">\n\t\t\t\t\t\t\t<span class=\"elementor-button-icon elementor-align-icon-right\">\n\t\t\t\t<i aria-hidden=\"true\" class=\"fas fa-arrow-right\"><\/i>\t\t\t<\/span>\n\t\t\t\t\t\t<span class=\"elementor-button-text\">Calendrier<\/span>\n\t\t<\/span>\n\t\t\t\t\t<\/a>\n\t\t<\/div>\n\t\t\t\t<\/div>\n\t\t\t\t<\/div>\n\t\t\t\t\t<\/div>\n\t\t<\/div>\n\t\t\t\t\t\t\t<\/div>\n\t\t<\/section>\n\t\t\t\t<section class=\"elementor-section elementor-top-section elementor-element elementor-element-6a03586 elementor-section-boxed elementor-section-height-default elementor-section-height-default\" data-id=\"6a03586\" data-element_type=\"section\">\n\t\t\t\t\t\t<div class=\"elementor-container elementor-column-gap-default\">\n\t\t\t\t\t<div class=\"elementor-column elementor-col-100 elementor-top-column elementor-element elementor-element-2c618b3\" data-id=\"2c618b3\" data-element_type=\"column\">\n\t\t\t<div class=\"elementor-widget-wrap elementor-element-populated\">\n\t\t\t\t\t\t\t\t<div class=\"elementor-element elementor-element-8c2661b elementor-widget elementor-widget-spacer\" data-id=\"8c2661b\" data-element_type=\"widget\" data-widget_type=\"spacer.default\">\n\t\t\t\t<div class=\"elementor-widget-container\">\n\t\t\t\t\t<div class=\"elementor-spacer\">\n\t\t\t<div class=\"elementor-spacer-inner\"><\/div>\n\t\t<\/div>\n\t\t\t\t<\/div>\n\t\t\t\t<\/div>\n\t\t\t\t\t<\/div>\n\t\t<\/div>\n\t\t\t\t\t\t\t<\/div>\n\t\t<\/section>\n\t\t\t\t\t\t\t<\/div>","protected":false},"excerpt":{"rendered":"<p>Descubre Daimiel Anterior Siguiente Daimiel es una ciudad que remonta sus or\u00edgenes a la Edad del Bronce, como as\u00ed lo atestigua el yacimiento arqueol\u00f3gico de la Motilla del Azuer. \u00a0 El verdadero desarrollo socio-econ\u00f3mico se inicia en el Siglo XV, fruto de este impulso es la construcci\u00f3n de la iglesia de Santa Mar\u00eda la Mayor, [&hellip;]<\/p>","protected":false},"author":1,"featured_media":0,"parent":0,"menu_order":0,"comment_status":"closed","ping_status":"closed","template":"","meta":[],"_links":{"self":[{"href":"https:\/\/daimielturismo.com\/fr\/wp-json\/wp\/v2\/pages\/6138"}],"collection":[{"href":"https:\/\/daimielturismo.com\/fr\/wp-json\/wp\/v2\/pages"}],"about":[{"href":"https:\/\/daimielturismo.com\/fr\/wp-json\/wp\/v2\/types\/page"}],"author":[{"embeddable":true,"href":"https:\/\/daimielturismo.com\/fr\/wp-json\/wp\/v2\/users\/1"}],"replies":[{"embeddable":true,"href":"https:\/\/daimielturismo.com\/fr\/wp-json\/wp\/v2\/comments?post=6138"}],"version-history":[{"count":153,"href":"https:\/\/daimielturismo.com\/fr\/wp-json\/wp\/v2\/pages\/6138\/revisions"}],"predecessor-version":[{"id":13232,"href":"https:\/\/daimielturismo.com\/fr\/wp-json\/wp\/v2\/pages\/6138\/revisions\/13232"}],"wp:attachment":[{"href":"https:\/\/daimielturismo.com\/fr\/wp-json\/wp\/v2\/media?parent=6138"}],"curies":[{"name":"wp","href":"https:\/\/api.w.org\/{rel}","templated":true}]}}